
{"version":"1.0","provider_name":"Techno Mag","provider_url":"https:\/\/www.technomag.fr\/es\/","title":"F\u00eate de la musique: Los or\u00edgenes del festival | Techno Mag","type":"rich","width":600,"height":338,"html":"<blockquote class=\"wp-embedded-content\" data-secret=\"X0UTTSBAPz\"><a href=\"https:\/\/www.technomag.fr\/es\/fete-de-la-musique-los-origenes-del-festival\/\">F\u00eate de la musique: Los or\u00edgenes del festival<\/a><\/blockquote><iframe sandbox=\"allow-scripts\" security=\"restricted\" src=\"https:\/\/www.technomag.fr\/es\/fete-de-la-musique-los-origenes-del-festival\/embed\/#?secret=X0UTTSBAPz\" width=\"600\" height=\"338\" title=\"\u00abF\u00eate de la musique: Los or\u00edgenes del festival\u00bb \u2014 Techno Mag\" data-secret=\"X0UTTSBAPz\" frameborder=\"0\" marginwidth=\"0\" marginheight=\"0\" scrolling=\"no\" class=\"wp-embedded-content\"><\/iframe><script type=\"text\/javascript\">\n\/* <![CDATA[ *\/\n\/*! This file is auto-generated *\/\n!function(d,l){\"use strict\";l.querySelector&&d.addEventListener&&\"undefined\"!=typeof URL&&(d.wp=d.wp||{},d.wp.receiveEmbedMessage||(d.wp.receiveEmbedMessage=function(e){var t=e.data;if((t||t.secret||t.message||t.value)&&!\/[^a-zA-Z0-9]\/.test(t.secret)){for(var s,r,n,a=l.querySelectorAll('iframe[data-secret=\"'+t.secret+'\"]'),o=l.querySelectorAll('blockquote[data-secret=\"'+t.secret+'\"]'),c=new RegExp(\"^https?:$\",\"i\"),i=0;i<o.length;i++)o[i].style.display=\"none\";for(i=0;i<a.length;i++)s=a[i],e.source===s.contentWindow&&(s.removeAttribute(\"style\"),\"height\"===t.message?(1e3<(r=parseInt(t.value,10))?r=1e3:~~r<200&&(r=200),s.height=r):\"link\"===t.message&&(r=new URL(s.getAttribute(\"src\")),n=new URL(t.value),c.test(n.protocol))&&n.host===r.host&&l.activeElement===s&&(d.top.location.href=t.value))}},d.addEventListener(\"message\",d.wp.receiveEmbedMessage,!1),l.addEventListener(\"DOMContentLoaded\",function(){for(var e,t,s=l.querySelectorAll(\"iframe.wp-embedded-content\"),r=0;r<s.length;r++)(t=(e=s[r]).getAttribute(\"data-secret\"))||(t=Math.random().toString(36).substring(2,12),e.src+=\"#?secret=\"+t,e.setAttribute(\"data-secret\",t)),e.contentWindow.postMessage({message:\"ready\",secret:t},\"*\")},!1)))}(window,document);\n\/\/# sourceURL=https:\/\/www.technomag.fr\/wp-includes\/js\/wp-embed.min.js\n\/* ]]> *\/\n<\/script>\n","thumbnail_url":"https:\/\/www.technomag.fr\/wp-content\/uploads\/2023\/06\/origine-de-la-fete-de-la-musique--1024x576.png","thumbnail_width":1024,"thumbnail_height":576,"description":"Los inicios de la Fiesta de la M\u00fasica Todos hemos o\u00eddo hablar de la Fiesta de la M\u00fasica, pero \u00bfconoces realmente su historia? Esta fiesta, que se celebra en muchos pa\u00edses del mundo, tiene sus ra\u00edces en Francia. Lo iniciaron el entonces ministro de Cultura, Jack Lang, y el compositor Maurice Fleuret en 1982. La [&hellip;]"}